{"id":120,"date":"2016-07-16T15:00:56","date_gmt":"2016-07-16T13:00:56","guid":{"rendered":"http:\/\/psychotropes.info\/wordpress\/?page_id=120"},"modified":"2020-07-11T10:39:46","modified_gmt":"2020-07-11T08:39:46","slug":"w-bad","status":"publish","type":"page","link":"https:\/\/psychotropes.info\/wordpress\/w-bad\/","title":{"rendered":"W-BAD: Journ\u00e9e Mondiale de Sensibilisation aux Benzodiaz\u00e9pines"},"content":{"rendered":"\n<div class=\"wp-block-image\"><figure class=\"aligncenter\"><a href=\"http:\/\/bbhepar.canalblog.com\/archives\/2016\/06\/07\/33929444.html\"><img decoding=\"async\" src=\"https:\/\/psychotropes.info\/wordpress\/wp-content\/uploads\/2016\/07\/logo_W-BAD.jpg\" alt=\"Logo W-BAD\"\/><\/a><figcaption>W-BAD : 11 juillet, journ\u00e9e mondiale de sensibilisation aux benzodiaz\u00e9pines<\/figcaption><\/figure><\/div>\n\n\n\n<hr class=\"wp-block-separator\"\/>\n\n\n\n<h2 class=\"wp-block-heading\">Pour la communaut\u00e9 anglophone:<\/h2>\n\n\n\n<p><strong>Site officiel<\/strong>: <a href=\"http:\/\/w-bad.org\/\" target=\"_blank\" rel=\"noopener\">http:\/\/w-bad.org<\/a><\/p>\n\n\n\n<p><strong>New Zealand &amp; Japan: <a href=\"http:\/\/www.benzo-case-japan.com\/my-story-english.php\" target=\"_blank\" rel=\"noopener\">Wayne Douglas<\/a><\/strong> (Co-fondateur \/ Organisateur):<br><em>info@benzo-case-japan.com<\/em><\/p>\n\n\n\n<p><strong><a href=\"https:\/\/www.youtube.com\/channel\/UCNEGYpppRPuaKg1uuSJHAbg\" target=\"_blank\" rel=\"noopener\">Cha\u00eene Youtube W-BAD<\/a><\/strong><\/p>\n\n\n\n<hr class=\"wp-block-separator\"\/>\n\n\n\n<h2 class=\"wp-block-heading\">Pour la communaut\u00e9 francophone:<\/h2>\n\n\n\n<p><strong>France: <\/strong><\/p>\n\n\n\n<p><strong>Corinne Solliec<\/strong>: (Repr\u00e9sentante du W-BAD pour la France): <a href=\"http:\/\/w-bad.org\/corinne\/\" target=\"_blank\" rel=\"noopener\">http:\/\/w-bad.org\/corinne\/<\/a><br><a href=\"mailto:corinnesolliec@gmail.com\">contacter Corinne<\/a><\/p>\n\n\n\n<p><strong>BBHepar <\/strong>(Repr\u00e9sentante du W-BAD pour la France):<br><em><span class=\"gI\">bbhepar@free.fr<\/span><\/em> (Blog: <a href=\"http:\/\/bbhepar.canalblog.com\/archives\/2016\/06\/07\/33929444.html\" target=\"_blank\" rel=\"noopener\">bbhepar.canalblog.com)<\/a><\/p>\n\n\n\n<p><strong>Suisse: Carole Advices<\/strong><\/p>\n\n\n\n<hr class=\"wp-block-separator\"\/>\n\n\n\n<p><strong>Quand a lieu la journ\u00e9e mondiale de sensibilisation aux benzodiaz\u00e9pines?<\/strong><\/p>\n\n\n\n<p>Le 11 juillet (jour anniversaire de la Prof. Ashton)<br>Cette date a \u00e9t\u00e9 choisie en reconnaissance du travail consid\u00e9rable que la Prof. Ashton a fourni pour la cause des benzodiaz\u00e9pines au cours de nombreuses d\u00e9cennies&nbsp;; ainsi qu&rsquo;\u00e0 toute l&rsquo;aide qu&rsquo;elle a apport\u00e9e \u00e0 de si nombreuses personnes dans le monde entier.<\/p>\n\n\n\n<p><strong>Objectifs du W-BAD<br><\/strong><\/p>\n\n\n\n<ul class=\"wp-block-list\"><li>Obtenir la reconnaissance par les gouvernements et le milieu m\u00e9dical que \u00ab&nbsp;la d\u00e9pendance aux benzodiaz\u00e9pines induite par le m\u00e9decin&nbsp;\u00bb est un \u00e9norme probl\u00e8me mondial dont il faut urgemment se pr\u00e9occuper. (Ce sont des personnes ordinaires et innocentes qui suivent les prescriptions du m\u00e9decin et qui sont victimes de cette d\u00e9pendance induite \u2013 voir surveillez votre langage).<\/li><\/ul>\n\n\n\n<ul class=\"wp-block-list\"><li>Sensibiliser le grand public \u00e0 ce probl\u00e8me, qui pourtant vieux de plusieurs d\u00e9cennies, a \u00e9t\u00e9 continuellement mis aux oubliettes par les gouvernements du monde entier.<\/li><\/ul>\n\n\n\n<ul class=\"wp-block-list\"><li>Promouvoir la mise en place d&rsquo;une dur\u00e9e maximale obligatoire de prescriptions de 4 semaines (dur\u00e9e \u00e9tablie sur la base des recommandations de prescription du comit\u00e9 de s\u00e9curit\u00e9 des m\u00e9dicaments (Committee on Safety of Medicines) qui sont de 2 \u00e0 4 semaines).<\/li><\/ul>\n\n\n\n<ul class=\"wp-block-list\"><li>Promouvoir le cr\u00e9ation de structures de sevrage sp\u00e9cialis\u00e9es pour ceux qui en ont d\u00e9sesp\u00e9r\u00e9ment besoin.<\/li><\/ul>\n\n\n\n<ul class=\"wp-block-list\"><li>Promouvoir la mise en place des recherches enti\u00e8rement financ\u00e9es dont nous avons grandement besoin pour investiguer de mani\u00e8re plus approfondie les implications \u00e0 long terme sur la sant\u00e9 des benzodiaz\u00e9pines (prescrites) et des non-benzodiaz\u00e9pines ayant des effets similaires.<\/li><\/ul>\n\n\n\n<ul class=\"wp-block-list\"><li>Promouvoir la mise \u00e0 disposition d&rsquo;une formation ad\u00e9quate pour les m\u00e9decins et le personnel m\u00e9dical et les aider \u00e0 augmenter leurs connaissances concernant les cons\u00e9quences graves des benzodiaz\u00e9pines.<\/li><\/ul>\n\n\n\n<ul class=\"wp-block-list\"><li>Donner aux victimes une motivation et l&rsquo;opportunit\u00e9 de s&rsquo;unir, afin qu&rsquo;elles ne soient pas laiss\u00e9es seules dans le noir, ce qui a \u00e9t\u00e9 le cas depuis beaucoup trop longtemps.<\/li><\/ul>\n\n\n\n<ul class=\"wp-block-list\"><li>Fournir une reconnaissance \u00e0 ceux qui n&rsquo;ont pas surv\u00e9cu et \u00e0 ceux qui ont \u00e9t\u00e9 abandonn\u00e9s et laiss\u00e9s seuls avec leur souffrance (leur donner la parole).<\/li><\/ul>\n\n\n\n<ul class=\"wp-block-list\"><li>Comm\u00e9morer la Prof. Asthon pour tout ce qu&rsquo;elle a apport\u00e9 \u00e0 la cause durant des d\u00e9cennies (le 11 juillet est le jour de son anniversaire).<\/li><\/ul>\n\n\n\n<hr class=\"wp-block-separator\"\/>\n\n\n\n<h2 class=\"wp-block-heading\">Vid\u00e9o pour le W-BAD 2020<\/h2>\n\n\n\n<iframe loading=\"lazy\" width=\"560\" height=\"315\" src=\"https:\/\/www.youtube.com\/embed\/lk-jjli48EQ\" frameborder=\"0\" allow=\"accelerometer; autoplay; encrypted-media; gyroscope; picture-in-picture\" allowfullscreen><\/iframe>\n\n\n\n<hr class=\"wp-block-separator\"\/>\n\n\n\n<h2 class=\"wp-block-heading\">Vid\u00e9os pour le W-BAD 2019<\/h2>\n\n\n\n<iframe loading=\"lazy\" src=\"https:\/\/www.youtube.com\/embed\/uI_5oC4D4Ao\" allow=\"accelerometer; autoplay; encrypted-media; gyroscope; picture-in-picture\" allowfullscreen=\"\" width=\"560\" height=\"315\" frameborder=\"0\"><\/iframe>\n\n\n\n<hr class=\"wp-block-separator\"\/>\n\n\n\n<h2 class=\"wp-block-heading\">Vid\u00e9os pour le W-BAD 2018<\/h2>\n\n\n\n<figure><iframe loading=\"lazy\" src=\"https:\/\/www.youtube.com\/embed\/eEta7puGBM0\" allowfullscreen=\"allowfullscreen\" width=\"560\" height=\"315\" frameborder=\"0\"><\/iframe><\/figure>\n\n\n\n<p>Journ\u00e9e de sensibilisation \u00e0 Paris:<\/p>\n\n\n\n<figure><iframe loading=\"lazy\" src=\"https:\/\/www.youtube.com\/embed\/qsTqkr4qZI4\" allowfullscreen=\"allowfullscreen\" width=\"560\" height=\"315\" frameborder=\"0\"><\/iframe><\/figure>\n\n\n\n<hr class=\"wp-block-separator\"\/>\n\n\n\n<h2 class=\"wp-block-heading\">Vid\u00e9os pour le W-BAD 2017:<\/h2>\n\n\n\n<figure><iframe loading=\"lazy\" src=\"https:\/\/www.youtube.com\/embed\/ZJZE6_z3-Tw\" allowfullscreen=\"allowfullscreen\" width=\"560\" height=\"315\" frameborder=\"0\"><\/iframe><\/figure>\n\n\n\n<figure><iframe loading=\"lazy\" src=\"https:\/\/www.youtube.com\/embed\/KkP2z6Xvrn4\" allowfullscreen=\"allowfullscreen\" width=\"560\" height=\"315\" frameborder=\"0\"><\/iframe><\/figure>\n\n\n\n<h2 class=\"wp-block-heading\">Vid\u00e9os pour le W-BAD 2016:<\/h2>\n\n\n<figure class=\"wp-block-embed wp-block-embed-youtube is-type-video is-provider-youtube epyt-figure\"><div class=\"wp-block-embed__wrapper\"><iframe loading=\"lazy\"  id=\"_ytid_42270\"  width=\"980\" height=\"551\"  data-origwidth=\"980\" data-origheight=\"551\" src=\"https:\/\/www.youtube.com\/embed\/?enablejsapi=1&listType=playlist&list=PLuxTQmAXqwZywqQEIgnA9ptLp2bBuKmyf&autoplay=0&cc_load_policy=0&cc_lang_pref=&iv_load_policy=1&loop=0&rel=1&fs=1&playsinline=0&autohide=2&theme=dark&color=red&controls=1&disablekb=0&\" class=\"__youtube_prefs__  no-lazyload\" title=\"YouTube player\"  allow=\"fullscreen; accelerometer; autoplay; clipboard-write; encrypted-media; gyroscope; picture-in-picture; web-share\" referrerpolicy=\"strict-origin-when-cross-origin\" allowfullscreen data-no-lazy=\"1\" data-skipgform_ajax_framebjll=\"\"><\/iframe><\/div><\/figure>\n\n\n\n<p><span id=\"lblShareLinkSingle\" class=\"copycode\">&nbsp;<\/span><\/p>\n","protected":false},"excerpt":{"rendered":"<p>Pour la communaut\u00e9 anglophone: Site officiel: http:\/\/w-bad.org New Zealand &amp; Japan: Wayne Douglas (Co-fondateur \/ Organisateur):info@benzo-case-japan.com Cha\u00eene Youtube W-BAD Pour la communaut\u00e9 francophone: France: Corinne Solliec: (Repr\u00e9sentante du W-BAD pour la France): http:\/\/w-bad.org\/corinne\/contacter Corinne BBHepar (Repr\u00e9sentante du W-BAD pour la France):bbhepar@free.fr (Blog: bbhepar.canalblog.com) Suisse: Carole Advices Quand a lieu la journ\u00e9e mondiale de sensibilisation aux [&hellip;]<\/p>\n","protected":false},"author":1,"featured_media":0,"parent":0,"menu_order":0,"comment_status":"closed","ping_status":"closed","template":"","meta":{"_bbp_topic_count":0,"_bbp_reply_count":0,"_bbp_total_topic_count":0,"_bbp_total_reply_count":0,"_bbp_voice_count":0,"_bbp_anonymous_reply_count":0,"_bbp_topic_count_hidden":0,"_bbp_reply_count_hidden":0,"_bbp_forum_subforum_count":0,"footnotes":""},"class_list":["post-120","page","type-page","status-publish","hentry"],"_links":{"self":[{"href":"https:\/\/psychotropes.info\/wordpress\/wp-json\/wp\/v2\/pages\/120","targetHints":{"allow":["GET"]}}],"collection":[{"href":"https:\/\/psychotropes.info\/wordpress\/wp-json\/wp\/v2\/pages"}],"about":[{"href":"https:\/\/psychotropes.info\/wordpress\/wp-json\/wp\/v2\/types\/page"}],"author":[{"embeddable":true,"href":"https:\/\/psychotropes.info\/wordpress\/wp-json\/wp\/v2\/users\/1"}],"replies":[{"embeddable":true,"href":"https:\/\/psychotropes.info\/wordpress\/wp-json\/wp\/v2\/comments?post=120"}],"version-history":[{"count":31,"href":"https:\/\/psychotropes.info\/wordpress\/wp-json\/wp\/v2\/pages\/120\/revisions"}],"predecessor-version":[{"id":2415,"href":"https:\/\/psychotropes.info\/wordpress\/wp-json\/wp\/v2\/pages\/120\/revisions\/2415"}],"wp:attachment":[{"href":"https:\/\/psychotropes.info\/wordpress\/wp-json\/wp\/v2\/media?parent=120"}],"curies":[{"name":"wp","href":"https:\/\/api.w.org\/{rel}","templated":true}]}}