{"id":163,"date":"2016-07-16T22:06:07","date_gmt":"2016-07-16T20:06:07","guid":{"rendered":"http:\/\/psychotropes.info\/wordpress\/?page_id=163"},"modified":"2016-07-16T22:45:18","modified_gmt":"2016-07-16T20:45:18","slug":"8-vacances-dete-et-diagnostics","status":"publish","type":"page","link":"https:\/\/psychotropes.info\/wordpress\/mon-temoignage\/8-vacances-dete-et-diagnostics\/","title":{"rendered":"8. Vacances d&rsquo;\u00e9t\u00e9 et diagnostics"},"content":{"rendered":"<p>Et\u00e9 1995.<\/p>\n<p>J&rsquo;avais d\u00e9croch\u00e9 mon baccalaur\u00e9at et le supplice endur\u00e9 pendant neuf mois entre les murs de l&rsquo;unit\u00e9 psychiatrique ambulatoire de Nant avait pris fin.<\/p>\n<p>Je d\u00e9cidais de m&rsquo;offrir un peu de temps cet \u00e9t\u00e9-l\u00e0.<\/p>\n<p>C&rsquo;est ainsi que j&rsquo;allais tous les soirs au Festival de Jazz de Montreux pour y retrouver des amis. Nous pass\u00e2mes des moments inoubliables ensemble. Ce fut le plus bel \u00e9t\u00e9 de ma vie.<\/p>\n<p>Je crois que le fait d&rsquo;\u00eatre priv\u00e9 de libert\u00e9 permet de mieux appr\u00e9cier les moments o\u00f9 celle-ci nous est rendue.<\/p>\n<p>C&rsquo;est avec un bonheur immense que je partageais ma libert\u00e9 retrouv\u00e9e avec mes amis.<\/p>\n<p>Je gagnais aussi un peu d&rsquo;argent en effectuant quelques petits boulots sympas.<\/p>\n<p>En cet \u00e9t\u00e9 1995, la vie reprenait son cours.<\/p>\n<p>Je souffrais toujours \u00e0 cause des m\u00e9dicaments psychiatriques que je devais avaler, mais j&rsquo;essayais d&rsquo;occulter les douleurs psychique et physique que ces substances engendraient.<\/p>\n<p>Je repensais souvent aux paroles de m\u00e8re concernant un \u00e9ventuel traitement psychiatrique futur. Je r\u00e9fl\u00e9chissais \u00e0 ce que les psychiatres de Nant avaient bien pu lui dire \u00e0 mon sujet pour qu&rsquo;elle s&rsquo;inqui\u00e8te de la sorte. De quelle maladie mentale m&rsquo;avaient-ils affubl\u00e9e?<\/p>\n<p>Ils m&rsquo;avaient dit que je souffrais d&rsquo;une d\u00e9pression grave. Je n&rsquo;avais jamais \u00e9t\u00e9 d&rsquo;accord avec ce diagnostic, car \u00e0 mes yeux, je souffrais plut\u00f4t de surmenage et d&rsquo;anxi\u00e9t\u00e9 g\u00e9n\u00e9r\u00e9s par le peur d&rsquo;\u00e9chouer \u00e0 mon examen final.<\/p>\n<p>Le diagnostic de d\u00e9pression grave laissait entendre qu&rsquo;il y avait un risque de suicide, mais moi, j&rsquo;aimais la vie et je n&rsquo;avais jamais eu d&rsquo;id\u00e9es suicidaires.<\/p>\n<p>Bien s\u00fbr, je pense que durant toute la p\u00e9riode o\u00f9 j&rsquo;ai du supporter leurs humiliations psychiques et physiques (les s\u00e9ances de packs), je ressemblais plus \u00e0 quelqu&rsquo;un de d\u00e9pressif voire suicidaire, qu&rsquo;\u00e0 quelqu&rsquo;un qui aime la vie.<\/p>\n<p>Il semblerait \u00e9galement qu&rsquo;ils aient dit \u00e0 ma m\u00e8re que j&rsquo;\u00e9tais une personne psychotique parano\u00efaque.<\/p>\n<p>Donc, d&rsquo;apr\u00e8s les psychiatres de Nant, j&rsquo;\u00e9tais une folle qui avait perdu le sens des r\u00e9alit\u00e9s (psychotique) et qui nourrissait une image d\u00e9mesur\u00e9e d&rsquo;elle-m\u00eame en pensant que tout le monde voulait lui nuire (parano\u00efaque).<\/p>\n<p>J&rsquo;ai certainement d\u00fb ressembler \u00e0 \u00e7a pendant que j&rsquo;\u00e9tais ligot\u00e9e dans les packs. En effet, je m&rsquo;\u00e9vadais par la pens\u00e9e pour ne plus souffrir quand je me retrouvais enferm\u00e9e nue dans ces draps glac\u00e9s. Ce qui a d\u00fb leur faire penser que je perdais le contact avec la r\u00e9alit\u00e9. J&rsquo;avais \u00e9galement peur d&rsquo;eux donc, je ne me confiais pas et le fait d&rsquo;avoir d\u00fb enlever ma culotte m&rsquo;avait profond\u00e9ment bless\u00e9e et humili\u00e9e. Ce qui leur a certainement fait penser que j&rsquo;\u00e9tais parano\u00efaque, puisque les personnes parano\u00efaques \u00ab\u00a0discernent des significations cach\u00e9es, humiliantes ou mena\u00e7antes dans des commentaires ou des \u00e9v\u00e8nements anodins, per\u00e7oivent des attaques contre leur personne ou leur r\u00e9putation, alors que ce n&rsquo;est pas apparent pour les autres et sont r\u00e9ticentes \u00e0 se confier \u00e0 autrui en raison d&rsquo;une crainte injustifi\u00e9e.\u00a0\u00bb (voir d\u00e9finitions Wikip\u00e9dia)<\/p>\n<p>Les psychiatres de Nant ont donc r\u00e9ussi \u00e0 persuader ma m\u00e8re que j&rsquo;\u00e9tais une personne atteinte d&rsquo;une grave maladie mentale et que je devais \u00eatre suivie au plus vite par un psychiatre pour que ma maladie n&#8217;empire pas.<\/p>\n<p>Durant cet \u00e9t\u00e9 1995, je ne sus toutefois pas qu&rsquo;ils m&rsquo;avaient coll\u00e9 cette \u00e9tiquette de psychotique, car ils n&rsquo;en avaient inform\u00e9 que ma m\u00e8re. Je pensais qu&rsquo;ils m&rsquo;avaient simplement class\u00e9e dans la cat\u00e9gorie des d\u00e9pressifs.<\/p>\n<p>Je passais donc d&rsquo;agr\u00e9ables vacances, ne me doutant pas de la d\u00e9tresse que vivait ma m\u00e8re suite au portrait de malade mentale que les psychiatres de Nant lui avaient bross\u00e9 de moi.<\/p>\n<p>Certes, je la voyais inqui\u00e8te \u00e0 mon sujet, mais je pensais qu&rsquo;elle voyait aussi \u00e0 quel point j&rsquo;\u00e9tais mieux depuis que je ne devais plus me rendre aux s\u00e9ances de packs.<\/p>\n<p>Je me disais qu&rsquo;avec le temps tout allait rentrer dans l&rsquo;ordre, que nous allions pouvoir reprendre le cours de nos vies.<\/p>\n<p>Je m&rsquo;\u00e9tais inscrite \u00e0 l&rsquo;Universit\u00e9 de Lausanne en section biologie finalement. J&rsquo;\u00e9tais enthousiaste \u00e0 l&rsquo;id\u00e9e d&rsquo;entamer un cursus dans ce domaine.<\/p>\n<p>Malheureusement, j&rsquo;avais d\u00fb continuer \u00e0 prendre les m\u00e9dicaments prescrits par les psychiatres, car j&rsquo;avais \u00e9t\u00e9 incapable de les stopper \u00e0 cause des forts sympt\u00f4mes que l&rsquo;arr\u00eat de ceux-ci occasionnait. Je ne savais pas \u00e0 cette \u00e9poque-l\u00e0 que l&rsquo;on pouvait d\u00e9velopper une d\u00e9pendance physique \u00e0 ces produits, donc je m&rsquo;en voulais beaucoup de ne pas arriver \u00e0 me d\u00e9barrasser de ces substances qui \u00e9taient les derniers signes de mon passage douloureux en psychiatrie.<\/p>\n<p>Et je ne savais pas encore que cette d\u00e9pendance allait me co\u00fbter ma libert\u00e9 et que j&rsquo;allais de nouveau devoir affronter le monde de la psychiatrie.<\/p>\n<div align=\"right\"><a href=\"https:\/\/psychotropes.info\/wordpress\/mon-temoignage\/9-entree-a-luniversite\/\">9. Entr\u00e9e \u00e0 l&rsquo;Universit\u00e9<\/a><\/div>\n<p>&nbsp;<\/p>\n<hr \/>\n<p>D\u00e9finitions Wikip\u00e9dia:<\/p>\n<p>Une personne psychotique est une personne qui souffre d&rsquo;une psychose.<\/p>\n<p>La psychose est d\u00e9finie sur Wikip\u00e9dia comme suit: \u00ab\u00a0Le terme psychose, introduit au XIXe si\u00e8cle, d\u00e9signait la folie et l&rsquo;ali\u00e9nation. C&rsquo;est un terme g\u00e9n\u00e9ral qui d\u00e9signe les affections mentales les plus graves, caract\u00e9ris\u00e9es par une atteinte globale de la personnalit\u00e9. Selon le DSM IV, la psychose se caract\u00e9rise par des troubles, transitoires ou permanents, de la personnalit\u00e9 li\u00e9s \u00e0 une alt\u00e9ration du \u00ab sens de la r\u00e9alit\u00e9 et de soi \u00bb, et associe des sympt\u00f4mes positifs (d\u00e9lires, hallucinations), n\u00e9gatifs (apathie, aboulie, \u00e9moussements des affects&#8230;) et dysex\u00e9cutifs (attention, m\u00e9moire de travail&#8230;). Selon les tenants de cette approche, les psychoses comprennent deux grands groupes: schizophr\u00e9nie et psychoses d\u00e9lirantes.\u00a0\u00bb<\/p>\n<p>Personne parano\u00efaque:<\/p>\n<p>\u00ab\u00a0Ce trouble affecte de 0,3 \u00e0 2,5 % de la population g\u00e9n\u00e9rale. D&rsquo;un point de vue s\u00e9miologique, les personnalit\u00e9s parano\u00efaques se caract\u00e9risent par quatre traits fondamentaux qui entra\u00eenent \u00e0 terme une difficult\u00e9 d&rsquo;adaptation sociale :<\/p>\n<p>1. la surestimation pathologique de soi-m\u00eame ;<br \/>\n2. la m\u00e9fiance extr\u00eame \u00e0 l&rsquo;\u00e9gard des autres ;<br \/>\n3. la susceptibilit\u00e9 d\u00e9mesur\u00e9e ;<br \/>\n4. la fausset\u00e9 du jugement.<\/p>\n<p>Le DSM-IV d\u00e9finit ainsi le trouble de la personnalit\u00e9 parano\u00efaque :<\/p>\n<p>A. m\u00e9fiance soup\u00e7onneuse envahissante envers les autres dont les intentions sont interpr\u00e9t\u00e9es comme malveillantes, qui appara\u00eet au d\u00e9but de l&rsquo;\u00e2ge adulte et est pr\u00e9sente dans divers contextes, comme en t\u00e9moignent au moins quatre des manifestations suivantes:<\/p>\n<p>1. le sujet s&rsquo;attend sans raison suffisante \u00e0 ce que les autres l&rsquo;exploitent, lui nuisent ou le trompent ;<br \/>\n2. est pr\u00e9occup\u00e9 par des doutes injustifi\u00e9s concernant la loyaut\u00e9 ou la fid\u00e9lit\u00e9 de ses amis ou associ\u00e9s ;<br \/>\n3. est r\u00e9ticent \u00e0 se confier \u00e0 autrui en raison d&rsquo;une crainte injustifi\u00e9e que l&rsquo;information soit utilis\u00e9e de mani\u00e8re perfide contre lui ;<br \/>\n4. discerne des significations cach\u00e9es, humiliantes ou mena\u00e7antes dans des commentaires ou des \u00e9v\u00e8nements anodins ;<br \/>\n5. garde rancune, c&rsquo;est-\u00e0-dire ne pardonne pas d&rsquo;\u00eatre bless\u00e9, insult\u00e9 ou d\u00e9daign\u00e9 ;<br \/>\n6. per\u00e7oit des attaques contre sa personne ou sa r\u00e9putation, alors que ce n&rsquo;est pas apparent pour les autres, et est prompt \u00e0 la contre-attaque ou r\u00e9agit avec col\u00e8re ;<br \/>\n7. met en doute de mani\u00e8re r\u00e9p\u00e9t\u00e9e et sans justification la fid\u00e9lit\u00e9 de son conjoint ou de son partenaire sexuel ;<\/p>\n<p>B. ne survient pas exclusivement pendant l&rsquo;\u00e9volution d&rsquo;une schizophr\u00e9nie, d&rsquo;un trouble de l&rsquo;humeur avec caract\u00e9ristiques psychotiques ou d&rsquo;un autre trouble psychotique et n&rsquo;est pas n\u00e9cessairement due aux effets physiologiques directs d&rsquo;une affection m\u00e9dicale g\u00e9n\u00e9rale.\u00a0\u00bb<\/p>\n","protected":false},"excerpt":{"rendered":"<p>Et\u00e9 1995. J&rsquo;avais d\u00e9croch\u00e9 mon baccalaur\u00e9at et le supplice endur\u00e9 pendant neuf mois entre les murs de l&rsquo;unit\u00e9 psychiatrique ambulatoire de Nant avait pris fin. Je d\u00e9cidais de m&rsquo;offrir un peu de temps cet \u00e9t\u00e9-l\u00e0. C&rsquo;est ainsi que j&rsquo;allais tous les soirs au Festival de Jazz de Montreux pour y retrouver des amis. Nous pass\u00e2mes [&hellip;]<\/p>\n","protected":false},"author":1,"featured_media":0,"parent":19,"menu_order":8,"comment_status":"closed","ping_status":"closed","template":"","meta":{"_bbp_topic_count":0,"_bbp_reply_count":0,"_bbp_total_topic_count":0,"_bbp_total_reply_count":0,"_bbp_voice_count":0,"_bbp_anonymous_reply_count":0,"_bbp_topic_count_hidden":0,"_bbp_reply_count_hidden":0,"_bbp_forum_subforum_count":0,"footnotes":""},"class_list":["post-163","page","type-page","status-publish","hentry"],"_links":{"self":[{"href":"https:\/\/psychotropes.info\/wordpress\/wp-json\/wp\/v2\/pages\/163","targetHints":{"allow":["GET"]}}],"collection":[{"href":"https:\/\/psychotropes.info\/wordpress\/wp-json\/wp\/v2\/pages"}],"about":[{"href":"https:\/\/psychotropes.info\/wordpress\/wp-json\/wp\/v2\/types\/page"}],"author":[{"embeddable":true,"href":"https:\/\/psychotropes.info\/wordpress\/wp-json\/wp\/v2\/users\/1"}],"replies":[{"embeddable":true,"href":"https:\/\/psychotropes.info\/wordpress\/wp-json\/wp\/v2\/comments?post=163"}],"version-history":[{"count":3,"href":"https:\/\/psychotropes.info\/wordpress\/wp-json\/wp\/v2\/pages\/163\/revisions"}],"predecessor-version":[{"id":226,"href":"https:\/\/psychotropes.info\/wordpress\/wp-json\/wp\/v2\/pages\/163\/revisions\/226"}],"up":[{"embeddable":true,"href":"https:\/\/psychotropes.info\/wordpress\/wp-json\/wp\/v2\/pages\/19"}],"wp:attachment":[{"href":"https:\/\/psychotropes.info\/wordpress\/wp-json\/wp\/v2\/media?parent=163"}],"curies":[{"name":"wp","href":"https:\/\/api.w.org\/{rel}","templated":true}]}}