{"id":170,"date":"2016-07-16T22:10:41","date_gmt":"2016-07-16T20:10:41","guid":{"rendered":"http:\/\/psychotropes.info\/wordpress\/?page_id=170"},"modified":"2016-07-16T22:46:17","modified_gmt":"2016-07-16T20:46:17","slug":"10-suivi-psychiatrique-dans-le-prive","status":"publish","type":"page","link":"https:\/\/psychotropes.info\/wordpress\/mon-temoignage\/10-suivi-psychiatrique-dans-le-prive\/","title":{"rendered":"10. Suivi psychiatrique dans le priv\u00e9"},"content":{"rendered":"<p>Automne 1995<\/p>\n<p>J&rsquo;\u00e9tais en premi\u00e8re ann\u00e9e de Biologie \u00e0 l&rsquo;Universit\u00e9 de Lausanne.<\/p>\n<p>Je m&rsquo;\u00e9tais retrouv\u00e9e en \u00e9tat de manque \u00e0 cause de l&rsquo;arr\u00eat de la prise de neuroleptiques qui m&rsquo;avaient \u00e9t\u00e9 prescrits lors de mon passage \u00e0 la clinique psychiatrique de Nant et ma m\u00e8re, sur les ordres du psychiatre de cet \u00e9tablissement m&rsquo;avait envoy\u00e9e suivre un traitement chez un praticien priv\u00e9.<\/p>\n<p>Ce dernier, un psychiatre am\u00e9ricain venu s&rsquo;installer en Suisse, me fit changer de traitement m\u00e9dicamenteux: il me mit sous Effexor 37.5<\/p>\n<p>Comme ce produit pharmaceutique n&rsquo;avait pas encore re\u00e7u une autorisation pour \u00eatre vendu en Suisse, il en avait tout un stock dans une armoire de son cabinet priv\u00e9. C&rsquo;est ainsi qu&rsquo;\u00e0 chaque consultation avec lui, je recevais une bo\u00eete de cet antid\u00e9presseur encore non-autoris\u00e9 dans le pays.<\/p>\n<p>Ce psychiatre ne me voyait que tr\u00e8s rarement, car il laissait la psychologue canadienne qu&rsquo;il avait engag\u00e9e s&rsquo;occuper de mon suivi psychoth\u00e9rapeutique. Lui ne me voyait qu&rsquo;une fois tous les mois pour me donner une bo\u00eete d&rsquo;antid\u00e9presseurs.<\/p>\n<p>Mes entretiens hebdomadaires avec cette psychologue canadienne furent agr\u00e9ables. C&rsquo;\u00e9tait une personne tr\u00e8s humaine qui savait \u00e9couter. Elle s&rsquo;\u00e9tait sp\u00e9cialis\u00e9e dans la th\u00e9rapie cognitivo-comportementale.<\/p>\n<p>Comme je la trouvais tr\u00e8s compr\u00e9hensive et tr\u00e8s comp\u00e9tente, je lui demandais assez rapidement si elle pensait que je souffrais d&rsquo;une grave maladie mentale. Elle me r\u00e9pondit que non, que je souffrais d&rsquo;anxi\u00e9t\u00e9 et que l&rsquo;anxi\u00e9t\u00e9 n&rsquo;\u00e9tait pas une maladie mentale, mais un \u00e9tat g\u00e9n\u00e9r\u00e9 par des peurs et des inqui\u00e9tudes et qu&rsquo;il suffisait de savoir ma\u00eetriser ces peurs pour pouvoir faire dispara\u00eetre l&rsquo;anxi\u00e9t\u00e9.<\/p>\n<p>Elle m&rsquo;expliqua \u00e9galement que les pens\u00e9es pouvaient \u00eatre tr\u00e8s anxiog\u00e8nes et qu&rsquo;il fallait faire attention \u00e0 ne pas voir que le c\u00f4t\u00e9 n\u00e9gatif des choses. Que mon perfectionnisme pouvait aussi devenir une source d&rsquo;angoisse si je n&rsquo;y prenais pas garde. Et qu&rsquo;il fallait essayer de diminuer mon niveau de stress afin que je puisse retrouver une vie plus sereine.<\/p>\n<p>J&rsquo;\u00e9coutais attentivement ce qu&rsquo;elle m&rsquo;expliquait et j&rsquo;appliquais \u00e0 la lettre les techniques qu&rsquo;elle me proposait pour vaincre mes angoisses.<\/p>\n<p>Gr\u00e2ce \u00e0 cette psychologue canadienne, je repris un peu confiance en moi et mon amour-propre commen\u00e7ait lui aussi \u00e0 se reconstruire.<\/p>\n<p>Mais un jour, elle m&rsquo;annon\u00e7a qu&rsquo;elle ne pourrait plus me suivre, car elle avait d\u00e9cid\u00e9 de repartir au Canada. Je lui demandais si elle avait le mal du pays et si c&rsquo;\u00e9tait pour cette raison qu&rsquo;elle quittait la Suisse.<\/p>\n<p>A ma grande surprise, elle me r\u00e9pondit qu&rsquo;elle ne supportait plus la fa\u00e7on dont son patron traitait les patients et encore moins la fa\u00e7on de fonctionner de la psychiatrie en Suisse.<\/p>\n<p>Je fus tr\u00e8s \u00e9tonn\u00e9e qu&rsquo;elle osa me dire le motif r\u00e9el de son d\u00e9part et je lui demandais pourquoi elle l&rsquo;avait fait. Elle me dit que de toute mani\u00e8re comme c&rsquo;\u00e9tait son dernier jour au cabinet et qu&rsquo;elle partait dans quelques jours, elle pouvait bien dire la v\u00e9ritable raison de son d\u00e9part \u00e0 ses patients.<\/p>\n<p>Son d\u00e9part m&rsquo;attrista, car j&rsquo;avais trouv\u00e9 en cette th\u00e9rapeute une personne humaine, compr\u00e9hensive et \u00e0 l&rsquo;\u00e9coute et je n&rsquo;\u00e9tais pas du tout certaine que je retrouverai ces qualit\u00e9s aupr\u00e8s de son patron, le fameux psychiatre am\u00e9ricain qui gardait des centaines de bo\u00eetes d&rsquo;antid\u00e9presseurs dans une armoire dans son cabinet.<\/p>\n<p>Et cela ne tarda pas \u00e0 se confirmer lorsque je d\u00e9couvris que cet homme ne s&rsquo;int\u00e9ressait qu&rsquo;\u00e0 l&rsquo;argent.<\/p>\n<p>En effet, il facturait les entretiens de ses patients avec la psychologue comme si c&rsquo;\u00e9tait lui qui les recevait en consultation. Les caisses maladie payaient ainsi ce psychiatre pour des consultations qu&rsquo;ils n&rsquo;avaient jamais faites. Et pour que la psychologue soit pay\u00e9e pour ses entretiens, il demandait \u00e0 ses patients de lui apporter 70.- francs suisse \u00e0 chaque s\u00e9ance (prix de sa consultation). Cela s&rsquo;appelle de la double facturation.<\/p>\n<p>Ainsi, d\u00e8s que cela devint trop on\u00e9reux pour ma m\u00e8re de payer les 10% de chaque consultation factur\u00e9 \u00e0 l&rsquo;assurance maladie, plus les 70.- francs hebdomadaires apport\u00e9s \u00e0 la psychologue, ce psychiatre lui sugg\u00e9ra une solution financi\u00e8re. Il lui proposa de me d\u00e9clarer invalide pour que je puisse toucher une rente aupr\u00e8s de l&rsquo;Assurance Invalidit\u00e9 et ainsi payer mon traitement et mes consultations psychiatriques.<\/p>\n<p>Par cons\u00e9quent, \u00e0 19 ans, j&rsquo;allais peut-\u00eatre \u00eatre d\u00e9clar\u00e9e invalide \u00e0 cause d&rsquo;un psychiatre cupide&#8230;<\/p>\n<div align=\"right\"><a href=\"https:\/\/psychotropes.info\/wordpress\/mon-temoignage\/11-printemps-1996\/\">11. Printemps 1996<\/a><\/div>\n<p>&nbsp;<\/p>\n<hr \/>\n<p>Information<\/p>\n<p>La venlafaxine a \u00e9t\u00e9 commercialis\u00e9e en 1997 en Suisse sous le nom d&rsquo;Efexor\u00ae<\/p>\n<p><a href=\"http:\/\/revue.medhyg.ch\/infos\/print.php3?sid=549\"> http:\/\/revue.medhyg.ch\/infos\/print.php3?sid=549 <\/a><\/p>\n","protected":false},"excerpt":{"rendered":"<p>Automne 1995 J&rsquo;\u00e9tais en premi\u00e8re ann\u00e9e de Biologie \u00e0 l&rsquo;Universit\u00e9 de Lausanne. Je m&rsquo;\u00e9tais retrouv\u00e9e en \u00e9tat de manque \u00e0 cause de l&rsquo;arr\u00eat de la prise de neuroleptiques qui m&rsquo;avaient \u00e9t\u00e9 prescrits lors de mon passage \u00e0 la clinique psychiatrique de Nant et ma m\u00e8re, sur les ordres du psychiatre de cet \u00e9tablissement m&rsquo;avait envoy\u00e9e [&hellip;]<\/p>\n","protected":false},"author":1,"featured_media":0,"parent":19,"menu_order":10,"comment_status":"closed","ping_status":"closed","template":"","meta":{"_bbp_topic_count":0,"_bbp_reply_count":0,"_bbp_total_topic_count":0,"_bbp_total_reply_count":0,"_bbp_voice_count":0,"_bbp_anonymous_reply_count":0,"_bbp_topic_count_hidden":0,"_bbp_reply_count_hidden":0,"_bbp_forum_subforum_count":0,"footnotes":""},"class_list":["post-170","page","type-page","status-publish","hentry"],"_links":{"self":[{"href":"https:\/\/psychotropes.info\/wordpress\/wp-json\/wp\/v2\/pages\/170","targetHints":{"allow":["GET"]}}],"collection":[{"href":"https:\/\/psychotropes.info\/wordpress\/wp-json\/wp\/v2\/pages"}],"about":[{"href":"https:\/\/psychotropes.info\/wordpress\/wp-json\/wp\/v2\/types\/page"}],"author":[{"embeddable":true,"href":"https:\/\/psychotropes.info\/wordpress\/wp-json\/wp\/v2\/users\/1"}],"replies":[{"embeddable":true,"href":"https:\/\/psychotropes.info\/wordpress\/wp-json\/wp\/v2\/comments?post=170"}],"version-history":[{"count":2,"href":"https:\/\/psychotropes.info\/wordpress\/wp-json\/wp\/v2\/pages\/170\/revisions"}],"predecessor-version":[{"id":228,"href":"https:\/\/psychotropes.info\/wordpress\/wp-json\/wp\/v2\/pages\/170\/revisions\/228"}],"up":[{"embeddable":true,"href":"https:\/\/psychotropes.info\/wordpress\/wp-json\/wp\/v2\/pages\/19"}],"wp:attachment":[{"href":"https:\/\/psychotropes.info\/wordpress\/wp-json\/wp\/v2\/media?parent=170"}],"curies":[{"name":"wp","href":"https:\/\/api.w.org\/{rel}","templated":true}]}}