{"id":176,"date":"2016-07-16T22:13:34","date_gmt":"2016-07-16T20:13:34","guid":{"rendered":"http:\/\/psychotropes.info\/wordpress\/?page_id=176"},"modified":"2016-07-16T22:48:44","modified_gmt":"2016-07-16T20:48:44","slug":"12-ete-1996","status":"publish","type":"page","link":"https:\/\/psychotropes.info\/wordpress\/mon-temoignage\/12-ete-1996\/","title":{"rendered":"12. Et\u00e9 1996"},"content":{"rendered":"<p>Et\u00e9 1996<\/p>\n<p>J&rsquo;avais eu 20 ans quelques mois plut\u00f4t. Je n&rsquo;avais pas r\u00e9ussi mes examens de premi\u00e8re ann\u00e9e \u00e0 l&rsquo;Universit\u00e9 et j&rsquo;avais \u00e9t\u00e9 d\u00e9clar\u00e9e invalide par le psychiatre am\u00e9ricain qui me suivait.<\/p>\n<p>Je prenais toujours un antid\u00e9presseur (Effexor) quotidiennement et les effets secondaires que je ressentais en le prenant \u00e9taient de plus en plus durs \u00e0 supporter.<\/p>\n<p>J&rsquo;avais des maux de t\u00eate, des maux d&rsquo;estomac, des naus\u00e9es, la bouche s\u00e8che, des probl\u00e8mes intestinaux, des probl\u00e8mes d&rsquo;\u00e9quilibre, des vertiges, des tremblements, des probl\u00e8mes de sommeil, des probl\u00e8mes de concentration et de m\u00e9morisation.<\/p>\n<p>Tous ces effets secondaires que j&rsquo;avais depuis presque deux ans maintenant, commen\u00e7aient s\u00e9rieusement \u00e0 me g\u00e2cher la vie. C&rsquo;\u00e9tait tr\u00e8s fatiguant de supporter ses douleurs \u00e0 longueur de journ\u00e9e. Je commen\u00e7ais r\u00e9ellement \u00e0 en avoir marre.<\/p>\n<p>J&rsquo;en discutais r\u00e9guli\u00e8rement avec le psychiatre am\u00e9ricain qui me suivait depuis plusieurs mois, mais ce dernier n&rsquo;avait pas l&rsquo;intention de changer quoi que ce soit dans la prescription de son traitement. J&rsquo;avais beau lui dire que je ne ressentais aucune forme d&rsquo;am\u00e9lioration de mon humeur et que bien au contraire, depuis que je devais prendre des antid\u00e9presseurs, j&rsquo;\u00e9tais de plus en plus d\u00e9prim\u00e9e, angoiss\u00e9e et nerveuse et que finalement les seuls effets que je ressentais depuis que je prenais ces produits \u00e9taient leurs effets secondaires. Rien n&rsquo;y faisait, il maintenait son traitement tel quel.<\/p>\n<p>Depuis le d\u00e9but de cette ann\u00e9e 1996, tous les entretiens que nous avions se r\u00e9sumaient ainsi: Moi je me plaignais de l&rsquo;inad\u00e9quation du traitement m\u00e9dicamenteux et lui insistait sur le fait que je devais continuer \u00e0 prendre de l&rsquo;Effexor et que je devais absolument reconna\u00eetre que je souffrais d&rsquo;une maladie grave.<\/p>\n<p>Je fus donc soulag\u00e9e quand arriv\u00e8rent les vacances d&rsquo;\u00e9t\u00e9. Comme il partait en vacances, il y eu plusieurs semaines o\u00f9 je ne dus pas aller \u00e0 ces entretiens psychoth\u00e9rapeutiques. Cela me permis de r\u00e9fl\u00e9chir un peu sur tout ce qui s&rsquo;\u00e9tait pass\u00e9 depuis que j&rsquo;\u00e9tais entr\u00e9e \u00e0 l&rsquo;Universit\u00e9.<\/p>\n<p>En repensant \u00e0 cette ann\u00e9e scolaire \u00e9coul\u00e9e, je me rendis compte que ma vie \u00e9tait de nouveau en train de sombrer. Je me sentais de plus en plus mal depuis que je devais prendre des antid\u00e9presseurs et les effets secondaires produits par la prise de ces substances devenaient difficiles \u00e0 supporter.<\/p>\n<p>Mon moral \u00e9tait en berne depuis que j&rsquo;avais \u00e9chou\u00e9 \u00e0 mon examen et les effets n\u00e9gatifs que produisaient ces antid\u00e9presseurs ne faisaient qu&rsquo;amplifier cette sensation de mal-\u00eatre et de d\u00e9calage qui s&rsquo;\u00e9tait install\u00e9e dans ma vie depuis mon passage entre les mains des psychiatres de Nant.<\/p>\n<p>Je n&rsquo;avais plus aucune confiance en moi et je commen\u00e7ais m\u00eame \u00e0 douter de mon int\u00e9grit\u00e9 mentale.<\/p>\n<p>Cependant, je ressentais quand m\u00eame au fond de moi que quelque chose n&rsquo;allait pas avec cette m\u00e9dication.<\/p>\n<p>En effet, depuis que je devais prendre des m\u00e9dicaments psychiatriques, mon \u00e9tat de sant\u00e9 g\u00e9n\u00e9ral n&rsquo;avait fait que se d\u00e9t\u00e9rior\u00e9. A aucun moment, je n&rsquo;avais senti d&rsquo;am\u00e9lioration, que ce soit sur le plan psychique, sur le plan moral ou sur le plan physique. Bien au contraire, depuis deux ans, j&rsquo;avais perdu mes capacit\u00e9s de concentration, de m\u00e9morisation et d&rsquo;analyse et je souffrais de douleurs physiques et psychiques constantes (maux de t\u00eate, probl\u00e8mes digestifs, tension musculaire,&#8230;, angoisse, d\u00e9pression,&#8230;).<\/p>\n<p>Ayant constat\u00e9 que ces deux aspects de ma vie (capacit\u00e9s intellectuelles et sant\u00e9 physique) avaient \u00e9t\u00e9 consid\u00e9rablement affect\u00e9s depuis que je devais prendre des comprim\u00e9s quotidiennement, j&rsquo;en concluais que \u00e7a ne pouvait \u00eatre que l&rsquo;effet de ces substances sur mon organisme qui avait conduit \u00e0 la d\u00e9gradation de ma qualit\u00e9 de vie et non l&rsquo;effet d&rsquo;une hypoth\u00e9tique maladie mentale.<\/p>\n<p>Ainsi, \u00e0 la fin de l&rsquo;\u00e9t\u00e9, je d\u00e9cidais de ne plus consommer ces substances qui \u00e9taient en train de ruiner ma vie.<\/p>\n<p>C&rsquo;\u00e9tait donc la deuxi\u00e8me fois que je tentais de me d\u00e9barrasser de ces produits. Je savais \u00e9galement que si j&rsquo;arrivais \u00e0 m&rsquo;en lib\u00e9rer, je ne serais plus oblig\u00e9e d&rsquo;aller consulter un psychiatre. En effet, si j&rsquo;\u00e9tais retourn\u00e9e voir un psychiatre l&rsquo;ann\u00e9e pr\u00e9c\u00e9dente, c&rsquo;\u00e9tait bien \u00e0 cause d&rsquo;un probl\u00e8me de m\u00e9dication. C&rsquo;\u00e9tait donc cette m\u00e9dication qui me liait \u00e0 la psychiatrie. Sans elle, je serais \u00e0 nouveau libre.<\/p>\n<p>Dans ma t\u00eate, l&rsquo;\u00e9quation s&rsquo;\u00e9crivit ainsi: Si je ne prenais plus d&rsquo;antid\u00e9presseurs, je n&rsquo;aurais plus besoin d&rsquo;ordonnance, donc je ne serais plus oblig\u00e9e d&rsquo;aller voir un psychiatre pour les obtenir et ainsi ma libert\u00e9 me serait rendue.<\/p>\n<p>Ce que je ne savais toujours pas \u00e0 ce moment-l\u00e0, c&rsquo;est que l&rsquo;on pouvait devenir d\u00e9pendant \u00e0 ces substances et qu&rsquo;on ne s&rsquo;en lib\u00e9rait pas comme \u00e7a. Je ne sus donc pas g\u00e9rer l&rsquo;\u00e9tat de manque que l&rsquo;arr\u00eat provoqua et je me retrouvais rapidement devant le psychiatre qui me sermonna et m&rsquo;obligea \u00e0 reprendre mes antid\u00e9presseurs.<\/p>\n<p>Apr\u00e8s cette deuxi\u00e8me tentative d&rsquo;arr\u00eat, le psychiatre me convainquit que si j&rsquo;avais \u00e9t\u00e9 si mal pendant les quelques semaines que j&rsquo;avais pass\u00e9es sans prendre d&rsquo;Effexor, c&rsquo;\u00e9tait parce que la maladie avait pu reprendre le dessus, qu&rsquo;elle n&rsquo;\u00e9tait plus contr\u00f4l\u00e9e par le m\u00e9dicament et que c&rsquo;\u00e9tait bien la preuve que je souffrais d&rsquo;une grave d\u00e9pression. (En fait, plus tard, j&rsquo;appris que la plupart des psychiatres n&rsquo;admettant pas l&rsquo;existence d&rsquo;une d\u00e9pendance aux antid\u00e9presseurs, interpr\u00e8tent les sympt\u00f4mes dus \u00e0 un \u00e9tat de manque comme \u00e9tant une recrudescence de la maladie pour laquelle ils traitent leur patients au d\u00e9part).<\/p>\n<p>A quelques semaines de la reprise des cours, j&rsquo;en \u00e9tais toujours au m\u00eame point en ce qui concernait les antid\u00e9presseurs. J&rsquo;allais donc devoir m&rsquo;accommoder de ce traitement et des probl\u00e8mes quotidiens qu&rsquo;il occasionnait. J&rsquo;allais \u00e9galement devoir retourner \u00e0 ces entretiens psychoth\u00e9rapeutiques st\u00e9riles \u00e0 cause de cette m\u00e9dication douteuse qui me liait \u00e0 mon psychiatre.<\/p>\n<p>Eh oui, ainsi fonctionne la psychiatrie&#8230;<\/p>\n<div align=\"right\"><a href=\"https:\/\/psychotropes.info\/wordpress\/mon-temoignage\/13-annees-1996-1999\/\">13. Ann\u00e9es 1996-1999<\/a><\/div>\n<p>&nbsp;<\/p>\n<hr \/>\n<p>Information:<\/p>\n<p>(*) \u00ab\u00a0[&#8230;] De fa\u00e7on g\u00e9n\u00e9rale, les m\u00e9decins ont une formation pharmacologique tr\u00e8s limit\u00e9e, et le fonctionnement des psychotropes leur \u00e9chappe en grande partie. Leur r\u00e9flexe consiste \u00e0 attribuer presque syst\u00e9matiquement l&rsquo;aggravation de l&rsquo;\u00e9tat du patient \u00e0 sa personnalit\u00e9 propre, \u00e0 sa fragilit\u00e9 psychologique, et \u00e0 \u00e9carter d&#8217;embl\u00e9e et d\u00e9finitivement toute responsabilit\u00e9 du m\u00e9dicament qu&rsquo;ils ont prescrit &#8211; ce qui peut se comprendre, tant il est difficile d&rsquo;admettre qu&rsquo;un m\u00e9dicament peut rendre malade, et par dessus tout un m\u00e9dicament qu&rsquo;on a prescrit soi-m\u00eame. [&#8230;]\u00a0\u00bb<\/p>\n<p>source: <a href=\"http:\/\/www.benzodiazepines.onlc.fr\/\"> http:\/\/www.benzodiazepines.onlc.fr\/<\/a><\/p>\n<hr \/>\n<p>Information Wikip\u00e9dia:<\/p>\n<p>Effexor (mol\u00e9cule active: venlafaxine)<\/p>\n<p>Effets secondaires courants:<\/p>\n<p>Les r\u00e9actions au venlafaxine peuvent diff\u00e9rer d&rsquo;une personne \u00e0 l&rsquo;autre. En cas d&rsquo;effets ind\u00e9sirables, consulter un m\u00e9decin ou un pharmacien.<\/p>\n<p>&#8211; Perturbation du sommeil<br \/>\n&#8211; Naus\u00e9es (21-35%)<br \/>\n&#8211; Maux de t\u00eate (34%)<br \/>\n&#8211; Apathie<br \/>\n&#8211; Constipation<br \/>\n&#8211; Colon irritable<br \/>\n&#8211; \u00e9tourdissements (11-20%)<br \/>\n&#8211; Fatigue<br \/>\n&#8211; Insomnie (15-23%)<br \/>\n&#8211; Vertige<br \/>\n&#8211; Bouche s\u00e8che (12-16%)<br \/>\n&#8211; Impuissance<br \/>\n&#8211; Baisse de la libido (14-34%)<br \/>\n&#8211; Transpiration excessive (10-14%)<br \/>\n&#8211; Acouph\u00e8nes<br \/>\n&#8211; Hypotension orthostatique<br \/>\n&#8211; R\u00eaves vifs\/anormaux (3-7%)<br \/>\n&#8211; Actions impulsives<br \/>\n&#8211; Augmentation de la pression sanguine<br \/>\n&#8211; Perte d&rsquo;app\u00e9tit(8-20%)<br \/>\n&#8211; Sensations de choc \u00e9lectrique (\u00ab\u00a0Brain zaps\u00a0\u00bb en anglais)<br \/>\n&#8211; Augmentation de l&rsquo;anxi\u00e9t\u00e9 en d\u00e9but de traitement<br \/>\n&#8211; Akathisie (Agitation) (3-4%)<br \/>\n&#8211; Pertes de m\u00e9moire<\/p>\n<p>Effets secondaires moins courants:<\/p>\n<p>&#8211; Arythmie cardiaque<br \/>\n&#8211; Augmentation du cholest\u00e9rol<br \/>\n&#8211; Flatulence ou maux d&rsquo;estomac<br \/>\n&#8211; Euphorie<br \/>\n&#8211; Vision anormale<br \/>\n&#8211; Crises de panique<br \/>\n&#8211; D\u00e9pression<br \/>\n&#8211; Id\u00e9es suicidaires<br \/>\n&#8211; Confusion<br \/>\n&#8211; Syndrome malin des neuroleptiques<br \/>\n&#8211; Tremblements<br \/>\n&#8211; Somnolence<br \/>\n&#8211; R\u00e9actions allergiques cutan\u00e9es<br \/>\n&#8211; Saignements externes<br \/>\n&#8211; Endommagement de la moelle osseuse (thrombocytop\u00e9nie, agranulocytose)<br \/>\n&#8211; H\u00e9patite<br \/>\n&#8211; Pancr\u00e9atite<br \/>\n&#8211; Convulsions<br \/>\n&#8211; Dyskin\u00e9sie tardive<br \/>\n&#8211; Difficult\u00e9 d&rsquo;avaler<br \/>\n&#8211; Psychose<br \/>\n&#8211; Perte de cheveux<br \/>\n&#8211; Hostilit\u00e9<br \/>\n&#8211; Activation de manie\/hypomanie.<br \/>\n&#8211; Perte de poids (probl\u00e9matique lors du traitement de patients souffrant d&rsquo;anorexie mentale)<br \/>\n&#8211; Gain de poids (effets incertains, mais probl\u00e9matique lors du traitement de gens atteints de dysmorphophobie).<br \/>\n&#8211; Id\u00e9es meurtri\u00e8res<br \/>\n&#8211; Agressivit\u00e9<br \/>\n&#8211; D\u00e9personnalisation<br \/>\n&#8211; Hallucinations visuelles<br \/>\n&#8211; Gencives gonfl\u00e9es et\/ou qui saignent<br \/>\n&#8211; Mictions fr\u00e9quentes<br \/>\n&#8211; Vomissements<\/p>\n<p>Source: <a href=\"http:\/\/fr.wikipedia.org\/wiki\/Venlafaxine\"> http:\/\/fr.wikipedia.org\/wiki\/Venlafaxine<\/a><\/p>\n","protected":false},"excerpt":{"rendered":"<p>Et\u00e9 1996 J&rsquo;avais eu 20 ans quelques mois plut\u00f4t. Je n&rsquo;avais pas r\u00e9ussi mes examens de premi\u00e8re ann\u00e9e \u00e0 l&rsquo;Universit\u00e9 et j&rsquo;avais \u00e9t\u00e9 d\u00e9clar\u00e9e invalide par le psychiatre am\u00e9ricain qui me suivait. Je prenais toujours un antid\u00e9presseur (Effexor) quotidiennement et les effets secondaires que je ressentais en le prenant \u00e9taient de plus en plus durs [&hellip;]<\/p>\n","protected":false},"author":1,"featured_media":0,"parent":19,"menu_order":12,"comment_status":"closed","ping_status":"closed","template":"","meta":{"_bbp_topic_count":0,"_bbp_reply_count":0,"_bbp_total_topic_count":0,"_bbp_total_reply_count":0,"_bbp_voice_count":0,"_bbp_anonymous_reply_count":0,"_bbp_topic_count_hidden":0,"_bbp_reply_count_hidden":0,"_bbp_forum_subforum_count":0,"footnotes":""},"class_list":["post-176","page","type-page","status-publish","hentry"],"_links":{"self":[{"href":"https:\/\/psychotropes.info\/wordpress\/wp-json\/wp\/v2\/pages\/176","targetHints":{"allow":["GET"]}}],"collection":[{"href":"https:\/\/psychotropes.info\/wordpress\/wp-json\/wp\/v2\/pages"}],"about":[{"href":"https:\/\/psychotropes.info\/wordpress\/wp-json\/wp\/v2\/types\/page"}],"author":[{"embeddable":true,"href":"https:\/\/psychotropes.info\/wordpress\/wp-json\/wp\/v2\/users\/1"}],"replies":[{"embeddable":true,"href":"https:\/\/psychotropes.info\/wordpress\/wp-json\/wp\/v2\/comments?post=176"}],"version-history":[{"count":3,"href":"https:\/\/psychotropes.info\/wordpress\/wp-json\/wp\/v2\/pages\/176\/revisions"}],"predecessor-version":[{"id":231,"href":"https:\/\/psychotropes.info\/wordpress\/wp-json\/wp\/v2\/pages\/176\/revisions\/231"}],"up":[{"embeddable":true,"href":"https:\/\/psychotropes.info\/wordpress\/wp-json\/wp\/v2\/pages\/19"}],"wp:attachment":[{"href":"https:\/\/psychotropes.info\/wordpress\/wp-json\/wp\/v2\/media?parent=176"}],"curies":[{"name":"wp","href":"https:\/\/api.w.org\/{rel}","templated":true}]}}