{"id":19,"date":"2016-07-14T09:29:11","date_gmt":"2016-07-14T09:29:11","guid":{"rendered":"http:\/\/psychotropes.info\/wordpress\/?page_id=19"},"modified":"2020-03-11T12:50:14","modified_gmt":"2020-03-11T11:50:14","slug":"mon-temoignage","status":"publish","type":"page","link":"https:\/\/psychotropes.info\/wordpress\/mon-temoignage\/","title":{"rendered":"Mon t\u00e9moignage"},"content":{"rendered":"\n<p><em>\u00e9crit en 2010<\/em><\/p>\n\n\n\n<ol class=\"wp-block-list\"><li><a href=\"https:\/\/psychotropes.info\/wordpress\/mon-temoignage\/1-primum-non-nuocere\/\">primum non nuocere<\/a><\/li><li><a href=\"https:\/\/psychotropes.info\/wordpress\/mon-temoignage\/2-lenfer-est-entre-dans-ma-vie\/\">L&rsquo;enfer est entr\u00e9 dans ma vie<\/a><\/li><li><a href=\"https:\/\/psychotropes.info\/wordpress\/mon-temoignage\/3-vol-au-dessus-dun-nid-de-coucou\/\">\u00ab\u00a0Vol au-dessus d&rsquo;un nid de coucou\u00a0\u00bb<\/a><\/li><li><a href=\"https:\/\/psychotropes.info\/wordpress\/mon-temoignage\/4-premier-entretien-psychotherapeutique\/\">Premier entretien psychoth\u00e9rapeutique<\/a><\/li><li><a href=\"https:\/\/psychotropes.info\/wordpress\/mon-temoignage\/5-les-packs\/\">Les packs<\/a><\/li><li><a href=\"https:\/\/psychotropes.info\/wordpress\/mon-temoignage\/6-il-faut-que-je-decroche-mon-bac\/\">Il faut que je d\u00e9croche mon bac!<\/a><\/li><li><a href=\"https:\/\/psychotropes.info\/wordpress\/mon-temoignage\/7-le-baccalaureat-en-poche\/\">Le baccalaur\u00e9at en poche<\/a><\/li><li><a href=\"https:\/\/psychotropes.info\/wordpress\/mon-temoignage\/8-vacances-dete-et-diagnostics\/\">Vacances d&rsquo;\u00e9t\u00e9 et diagnostics<\/a><\/li><li><a href=\"https:\/\/psychotropes.info\/wordpress\/mon-temoignage\/9-entree-a-luniversite\/\">Entr\u00e9e \u00e0 l&rsquo;Universit\u00e9<\/a><\/li><li><a href=\"https:\/\/psychotropes.info\/wordpress\/mon-temoignage\/10-suivi-psychiatrique-dans-le-prive\/\">Suivi psychiatrique dans le priv\u00e9<\/a><\/li><li><a href=\"https:\/\/psychotropes.info\/wordpress\/mon-temoignage\/11-printemps-1996\/\">Printemps 1996<\/a><\/li><li><a href=\"https:\/\/psychotropes.info\/wordpress\/mon-temoignage\/12-ete-1996\/\">Et\u00e9 1996<\/a><\/li><li><a href=\"https:\/\/psychotropes.info\/wordpress\/mon-temoignage\/13-annees-1996-1999\/\">Ann\u00e9es 1996-1999<\/a><\/li><li><a href=\"https:\/\/psychotropes.info\/wordpress\/mon-temoignage\/14-annees-2000-2002\/\">Ann\u00e9es 2000-2002<\/a><\/li><li><a href=\"https:\/\/psychotropes.info\/wordpress\/mon-temoignage\/15-errance-2003-2004\/\">Errance 2003-2004<\/a><\/li><li><a href=\"https:\/\/psychotropes.info\/wordpress\/mon-temoignage\/16-coup-de-grace\/\">Coup de gr\u00e2ce<\/a><\/li><li><a href=\"https:\/\/psychotropes.info\/wordpress\/mon-temoignage\/17-reactions-paradoxales\/\">R\u00e9actions paradoxales<\/a><\/li><li><a href=\"https:\/\/psychotropes.info\/wordpress\/mon-temoignage\/18-joyeux-noel\/\">Joyeux No\u00ebl<\/a><\/li><li><a href=\"https:\/\/psychotropes.info\/wordpress\/mon-temoignage\/19-tu-ne-vas-pas-nous-faire-ca\/\">\u00ab\u00a0Tu ne vas pas nous faire \u00e7a!\u00a0\u00bb<\/a><\/li><li><a href=\"https:\/\/psychotropes.info\/wordpress\/mon-temoignage\/20-debut-de-sevrage\/\">D\u00e9but de sevrage<\/a><\/li><li><a href=\"https:\/\/psychotropes.info\/wordpress\/mon-temoignage\/21-sevrage\/\">Sevrage<\/a><\/li><li><a href=\"https:\/\/psychotropes.info\/wordpress\/mon-temoignage\/22-syndrome-de-sevrage-prolonge\/\">Syndrome de sevrage prolong\u00e9<\/a><\/li><li><a href=\"https:\/\/psychotropes.info\/wordpress\/mon-temoignage\/23-prolongement-des-symptomes-de-sevrage\/\">Prolongement des sympt\u00f4mes de sevrage<\/a><\/li><li><a href=\"https:\/\/psychotropes.info\/wordpress\/mon-temoignage\/24-la-methode-de-geert\/\">La m\u00e9thode de Geert<\/a><\/li><li><a href=\"https:\/\/psychotropes.info\/wordpress\/mon-temoignage\/25-resume-et-conclusion\/\">R\u00e9sum\u00e9 et conclusion<\/a><\/li><\/ol>\n\n\n\n<p>Reportage de la RTS sur les effets secondaires graves de certains antid\u00e9presseurs: <a href=\"http:\/\/www.rts.ch\/emissions\/temps-present\/sante\/3736891-la-molecule-qui-rend-fou.html\" target=\"_blank\" rel=\"noopener\">Emission sur les antid\u00e9presseurs ISRS dans laquelle je t\u00e9moigne<\/a><\/p>\n\n\n\n<figure class=\"wp-block-image\"><img loading=\"lazy\" decoding=\"async\" width=\"1024\" height=\"819\" src=\"https:\/\/psychotropes.info\/wordpress\/wp-content\/uploads\/2020\/03\/CaroleAvantApres-1024x819.png\" alt=\"\" class=\"wp-image-2357\"\/><figcaption>Arr\u00eat des m\u00e9dicaments psychiatriques en 2008<\/figcaption><\/figure>\n\n\n\n<p class=\"has-medium-font-size\"><strong>Pour conna\u00eetre la suite de mon parcours:<\/strong><\/p>\n\n\n\n<p><strong>2010 &#8211; 2019<\/strong><\/p>\n\n\n\n<ul class=\"wp-block-list\"><li><a href=\"https:\/\/psychotropes.info\/wordpress\/a-propos-2\/\">A propos de mes activit\u00e9s<\/a><\/li><li><a href=\"https:\/\/psychotropes.info\/wordpress\/projets\/\">Mes projets<\/a><\/li><li><a href=\"https:\/\/caroleadvices.blogspot.ch\/\" target=\"_blank\" rel=\"noopener\">Carole&rsquo;s Blog<\/a> pour me suivre dans mon quotidien\n<ul>\n<li>Le d\u00e9fi de d\u00e9veloppement que je me suis lanc\u00e9 (mai &#8211; ao\u00fbt 2018): <a href=\"https:\/\/caroleadvices.blogspot.ch\/p\/le-defi-des-100-jours.html\" target=\"_blank\" rel=\"noopener\">Le d\u00e9fi des 100 jours<\/a><\/li>\n<\/ul>\n<\/li><\/ul>\n\n\n\n<p><strong>En 2019, le parcours de la cr\u00e9ation de mon activit\u00e9 professionnelle<\/strong><\/p>\n\n\n\n<ol class=\"wp-block-list\"><li><a href=\"https:\/\/psychotropes.info\/wordpress\/2019\/04\/passage-a-vide\/\">Passage \u00e0 vide<\/a><\/li><li><\/li><\/ol>\n\n\n\n<hr class=\"wp-block-separator\"\/>\n","protected":false},"excerpt":{"rendered":"<p>\u00e9crit en 2010 primum non nuocere L&rsquo;enfer est entr\u00e9 dans ma vie \u00ab\u00a0Vol au-dessus d&rsquo;un nid de coucou\u00a0\u00bb Premier entretien psychoth\u00e9rapeutique Les packs Il faut que je d\u00e9croche mon bac! Le baccalaur\u00e9at en poche Vacances d&rsquo;\u00e9t\u00e9 et diagnostics Entr\u00e9e \u00e0 l&rsquo;Universit\u00e9 Suivi psychiatrique dans le priv\u00e9 Printemps 1996 Et\u00e9 1996 Ann\u00e9es 1996-1999 Ann\u00e9es 2000-2002 Errance [&hellip;]<\/p>\n","protected":false},"author":1,"featured_media":0,"parent":0,"menu_order":0,"comment_status":"closed","ping_status":"closed","template":"","meta":{"_bbp_topic_count":0,"_bbp_reply_count":0,"_bbp_total_topic_count":0,"_bbp_total_reply_count":0,"_bbp_voice_count":0,"_bbp_anonymous_reply_count":0,"_bbp_topic_count_hidden":0,"_bbp_reply_count_hidden":0,"_bbp_forum_subforum_count":0,"footnotes":""},"class_list":["post-19","page","type-page","status-publish","hentry"],"_links":{"self":[{"href":"https:\/\/psychotropes.info\/wordpress\/wp-json\/wp\/v2\/pages\/19","targetHints":{"allow":["GET"]}}],"collection":[{"href":"https:\/\/psychotropes.info\/wordpress\/wp-json\/wp\/v2\/pages"}],"about":[{"href":"https:\/\/psychotropes.info\/wordpress\/wp-json\/wp\/v2\/types\/page"}],"author":[{"embeddable":true,"href":"https:\/\/psychotropes.info\/wordpress\/wp-json\/wp\/v2\/users\/1"}],"replies":[{"embeddable":true,"href":"https:\/\/psychotropes.info\/wordpress\/wp-json\/wp\/v2\/comments?post=19"}],"version-history":[{"count":39,"href":"https:\/\/psychotropes.info\/wordpress\/wp-json\/wp\/v2\/pages\/19\/revisions"}],"predecessor-version":[{"id":2359,"href":"https:\/\/psychotropes.info\/wordpress\/wp-json\/wp\/v2\/pages\/19\/revisions\/2359"}],"wp:attachment":[{"href":"https:\/\/psychotropes.info\/wordpress\/wp-json\/wp\/v2\/media?parent=19"}],"curies":[{"name":"wp","href":"https:\/\/api.w.org\/{rel}","templated":true}]}}